{"id":9283,"date":"2025-07-22T09:43:06","date_gmt":"2025-07-22T07:43:06","guid":{"rendered":"https:\/\/krakow.piwnespa.com\/sorfurdo-szabalyozas\/"},"modified":"2025-11-04T14:38:28","modified_gmt":"2025-11-04T13:38:28","slug":"sorfurdo-szabalyozas","status":"publish","type":"page","link":"https:\/\/krakow.piwnespa.com\/hu\/sorfurdo-szabalyozas\/","title":{"rendered":"\u00c1ltal\u00e1nos Szerz\u0151d\u00e9si Felt\u00e9telek Beernarium Beer Spa Krakk\u00f3"},"content":{"rendered":"\n<h2 class=\"wp-block-heading\">1. \u00e1ltal\u00e1nos rendelkez\u00e9sek<\/h2>\n\n<p>A jelen szab\u00e1lyzat meghat\u00e1rozza a 31-019 Krakk\u00f3, Floria\u0144ska utca 13. sz\u00e1m alatt tal\u00e1lhat\u00f3 Beernarium Piwne Spa \u00e1ltal ny\u00fajtott szolg\u00e1ltat\u00e1sok szervez\u00e9s\u00e9nek \u00e9s ig\u00e9nybev\u00e9tel\u00e9nek elveit.<br\/>A jelen szab\u00e1lyzatban a k\u00f6vetkez\u0151 fogalmakat haszn\u00e1ljuk:<br\/>&#8211; Spa &#8211; a krakk\u00f3i Beernarium Piwne Spa;<br\/>&#8211; szem\u00e9lyzet &#8211; a Beernarium Piwne Spa alkalmaz\u00e1s\u00e1ban \u00e1ll\u00f3 szem\u00e9lyek;<br\/>&#8211; vend\u00e9g &#8211; a Spa szolg\u00e1ltat\u00e1sait ig\u00e9nybe vev\u0151 szem\u00e9ly;<br\/>&#8211; kezel\u00e9s &#8211; f\u00fcrd\u0151, massz\u00e1zs, peeling \u00e9s egy\u00e9b, a Spa \u00e1ltal ny\u00fajtott szolg\u00e1ltat\u00e1sok.<br\/>A Spa vas\u00e1rnapt\u00f3l cs\u00fct\u00f6rt\u00f6kig 14:00 \u00e9s 21:30 k\u00f6z\u00f6tt, p\u00e9nteken \u00e9s szombaton 11:00 \u00e9s 23:00 k\u00f6z\u00f6tt tart nyitva. A Spa fenntartja a jogot a nyitvatart\u00e1si id\u0151 megv\u00e1ltoztat\u00e1s\u00e1ra \u00e9s a l\u00e9tes\u00edtm\u00e9ny bez\u00e1r\u00e1s\u00e1ra meghat\u00e1rozott napokon.<br\/>A foglal\u00e1s vagy a Spa szolg\u00e1ltat\u00e1sainak ig\u00e9nybev\u00e9tele a jelen szab\u00e1lyzat elfogad\u00e1s\u00e1t jelenti, valamint a Vend\u00e9g nyilatkozat\u00e1t arr\u00f3l, hogy a szolg\u00e1ltat\u00e1sok ig\u00e9nybev\u00e9tel\u00e9nek nincs eg\u00e9szs\u00e9g\u00fcgyi ellenjavallata.<br\/>A szolg\u00e1ltat\u00e1sokat 16 \u00e9v alatti gyermekek \u00e9s fiatalok csak sz\u00fcl\u0151 vagy t\u00f6rv\u00e9nyes k\u00e9pvisel\u0151 hozz\u00e1j\u00e1rul\u00e1s\u00e1val \u00e9s jelenl\u00e9t\u00e9ben vehetik ig\u00e9nybe.  <\/p>\n\n<h2 class=\"wp-block-heading\">2. Fenntart\u00e1sok \u00e9s kifizet\u00e9sek<\/h2>\n\n<p>A Spa-ban a kezel\u00e9sek foglal\u00e1sa a k\u00f6vetkez\u0151 m\u00f3don t\u00f6rt\u00e9nhet:<br\/>&#8211; a www.krakow.piwnespa.com weboldalon kereszt\u00fcl,<br\/>&#8211; telefonon a +48 451 581 552-es sz\u00e1mon,<br\/>&#8211; e-mailben a krakow@piwnespa.com c\u00edmen,<br\/>&#8211; szem\u00e9lyesen a Spa recepci\u00f3j\u00e1n\u00e1l.<br\/>A foglal\u00e1s meger\u0151s\u00edt\u00e9se a megrendelt szolg\u00e1ltat\u00e1sok \u00e9rt\u00e9k\u00e9nek 100%-\u00e1nak kifizet\u00e9s\u00e9hez k\u00f6t\u00f6tt. A fizet\u00e9s ut\u00e1n a Vend\u00e9g e-mailben kap egy visszaigazol\u00e1st a szolg\u00e1ltat\u00e1s d\u00e1tum\u00e1r\u00f3l, id\u0151pontj\u00e1r\u00f3l \u00e9s helysz\u00edn\u00e9r\u0151l.<br\/>Ha a foglal\u00e1s a Beernarium Beer Spa Krakow-t\u00f3l elt\u00e9r\u0151 helyre t\u00f6rt\u00e9nik, a Spa nem v\u00e1llal felel\u0151ss\u00e9get a helytelen\u00fcl kiv\u00e1lasztott helysz\u00edn\u00e9rt. Ilyen esetben el\u0151fordulhat, hogy a kezel\u00e9s nem ker\u00fcl megrendez\u00e9sre, \u00e9s az el\u0151leg nem ker\u00fcl visszafizet\u00e9sre.<br\/>A kezel\u00e9s id\u0151pontj\u00e1nak m\u00f3dos\u00edt\u00e1sa a tervezett id\u0151pont el\u0151tt 24 \u00f3r\u00e1val lehets\u00e9ges, tov\u00e1bbi k\u00f6lts\u00e9gek n\u00e9lk\u00fcl. Az \u00faj id\u0151pontot nem lehet \u00fajra lemondani. Az id\u0151pont m\u00f3dos\u00edt\u00e1sa 24 \u00f3r\u00e1n\u00e1l r\u00f6videbb id\u0151vel az id\u0151pont el\u0151tt nem lehets\u00e9ges.<br\/>A foglal\u00e1s lemond\u00e1sa a vend\u00e9get a k\u00f6vetkez\u0151kre jogos\u00edtja:<br\/>&#8211; a szolg\u00e1ltat\u00e1s \u00e9rt\u00e9k\u00e9nek 100%-os visszat\u00e9r\u00edt\u00e9se, ha a kezel\u00e9s id\u0151pontja el\u0151tt legfeljebb 7 nappal mondj\u00e1k le,<br\/>&#8211; az \u00e9rt\u00e9k 30%-os visszat\u00e9r\u00edt\u00e9se, ha a kezel\u00e9s id\u0151pontja el\u0151tt kevesebb mint 7 nappal mondj\u00e1k le,<br\/>&#8211; nincs visszat\u00e9r\u00edt\u00e9s, ha a kezel\u00e9s id\u0151pontja el\u0151tt kevesebb mint 24 \u00f3r\u00e1val mondj\u00e1k le.<br\/>A visszat\u00e9r\u00edt\u00e9sre a lemond\u00e1s k\u00f6zl\u00e9s\u00e9t\u0151l sz\u00e1m\u00edtott 14 napon bel\u00fcl ker\u00fcl sor.<br\/>A Vend\u00e9g k\u00f6teles legk\u00e9s\u0151bb a l\u00e1togat\u00e1s id\u0151pontja el\u0151tt 5 nappal megadni a r\u00e9sztvev\u0151k v\u00e9gleges l\u00e9tsz\u00e1m\u00e1t. Amennyiben a v\u00e9grehajt\u00e1s napj\u00e1n a Vend\u00e9gek sz\u00e1ma alacsonyabb, a d\u00edj tov\u00e1bbra is az eredetileg bejelentett l\u00e9tsz\u00e1mnak megfelel\u0151en ker\u00fcl felsz\u00e1m\u00edt\u00e1sra, \u00e9s a kezel\u00e9s id\u0151tartama nem v\u00e1ltozik.<br\/>Aj\u00e1nd\u00e9kutalv\u00e1nyok v\u00e1s\u00e1rolhat\u00f3k a weboldalon kereszt\u00fcl vagy a Spa recepci\u00f3j\u00e1n. Az utalv\u00e1nyok a v\u00e1s\u00e1rl\u00e1st\u00f3l sz\u00e1m\u00edtott 12 h\u00f3napig \u00e9rv\u00e9nyesek, hacsak az aj\u00e1nlatban m\u00e1sk\u00e9nt nem szerepel. Az utalv\u00e1ny megv\u00e1s\u00e1rl\u00e1sa a Spa weboldal\u00e1n el\u00e9rhet\u0151 utalv\u00e1nyszab\u00e1lyzat elfogad\u00e1s\u00e1t jelenti.<br\/>A Spa a ny\u00fajtott szolg\u00e1ltat\u00e1sokr\u00f3l sz\u00e1ml\u00e1t \u00e1ll\u00edt ki &#8211; k\u00e9rj\u00fck, vegye fel ezzel kapcsolatban a kapcsolatot a recepci\u00f3val.<br\/>El\u0151zetes foglal\u00e1s hi\u00e1ny\u00e1ban a vend\u00e9g csak a szabad f\u00e9r\u0151helyekkel rendelkez\u0151 szolg\u00e1ltat\u00e1sokat veheti ig\u00e9nybe.       <\/p>\n\n<h2 class=\"wp-block-heading\">3 A gy\u00f3gyf\u00fcrd\u0151 szolg\u00e1ltat\u00e1sainak haszn\u00e1lat\u00e1ra vonatkoz\u00f3 szab\u00e1lyok<\/h2>\n\n<p>A vend\u00e9geknek id\u0151ben kell meg\u00e9rkezni\u00fck a tervezett kezel\u00e9sre &#8211; aj\u00e1nlott 10-15 perccel kor\u00e1bban \u00e9rkezni. K\u00e9s\u00e9s eset\u00e9n a Spa fenntartja a jogot, hogy a kezel\u00e9s id\u0151tartam\u00e1t \u00e1rcs\u00f6kkent\u00e9s n\u00e9lk\u00fcl ler\u00f6vid\u00edtse.<br\/>A Spa-ban k\u00f6telez\u0151 a cip\u0151t eldobhat\u00f3 papucsra cser\u00e9lni, \u00e9s a rendelkez\u00e9sre bocs\u00e1tott kieg\u00e9sz\u00edt\u0151kbe \u00e1t\u00f6lt\u00f6zni.<br\/>Vide\u00f3- \u00e9s hangfelv\u00e9telek k\u00e9sz\u00edt\u00e9se csak a Spa szem\u00e9lyzet\u00e9nek hozz\u00e1j\u00e1rul\u00e1s\u00e1val enged\u00e9lyezett.<br\/>Javasoljuk, hogy a Vend\u00e9gek ne hozzanak magukkal \u00e9kszereket vagy \u00e9rt\u00e9kt\u00e1rgyakat a Spa-ba. Ezek elveszt\u00e9s\u00e9\u00e9rt a Spa nem v\u00e1llal felel\u0151ss\u00e9get.<br\/>A Spa-ba nem engedik be azokat a szem\u00e9lyeket, akik alkohol vagy b\u00f3d\u00edt\u00f3 szerek hat\u00e1sa alatt \u00e1llnak, ny\u00edlt sebek, b\u0151rgyullad\u00e1sok vannak, vagy vesz\u00e9lyt jelentenek a t\u00f6bbi Vend\u00e9gre vagy a szem\u00e9lyzetre.<br\/>A Spa a csend \u00e9s a pihen\u00e9s ter\u00fclete. A vend\u00e9gek k\u00f6telesek csendben maradni \u00e9s tart\u00f3zkodni a hangos besz\u00e9lget\u00e9st\u0151l. A szem\u00e9lyzetnek jog\u00e1ban \u00e1ll a zavar\u00f3 szem\u00e9lyeket t\u00e9r\u00edt\u00e9s n\u00e9lk\u00fcl t\u00e1voz\u00e1sra felsz\u00f3l\u00edtani.<br\/>Az italfogyaszt\u00e1s csak az erre kijel\u00f6lt helyeken enged\u00e9lyezett. Tilos az italokat e ter\u00fcleteken k\u00edv\u00fclre vinni.<br\/>A vend\u00e9geknek minden kezel\u00e9s el\u0151tt ki kell t\u00f6lteni\u00fck egy eg\u00e9szs\u00e9g\u00fcgyi k\u00e9rd\u0151\u00edvet.     <\/p>\n\n<h2 class=\"wp-block-heading\">4 Biztons\u00e1g \u00e9s ellenjavallatok<\/h2>\n\n<p>A f\u00fcrd\u0151ben tilos:<br\/>&#8211; doh\u00e1nyozni,<br\/>&#8211; saj\u00e1t \u00e9teleket \u00e9s italokat behozni \u00e9s elfogyasztani,<br\/>&#8211; k\u00e1b\u00edt\u00f3szereket \u00e9s m\u00e1s b\u00f3d\u00edt\u00f3 szereket haszn\u00e1lni,<br\/>&#8211; h\u00e1zi\u00e1llatokat behozni.<br\/>A f\u00fcrd\u0151 haszn\u00e1lat\u00e1nak ellenjavallatai t\u00f6bbek k\u00f6z\u00f6tt a k\u00f6vetkez\u0151k: epilepszia, r\u00e1k, l\u00e1zzal j\u00e1r\u00f3 v\u00edrusfert\u0151z\u00e9sek, pacemaker, ny\u00edlt sebek vagy s\u00e9r\u00fcl\u00e9sek.<br\/>A vend\u00e9gek anyagi felel\u0151ss\u00e9ggel tartoznak az \u00e1ltaluk vagy a felel\u0151ss\u00e9g\u00fck al\u00e1 tartoz\u00f3 szem\u00e9lyek \u00e1ltal okozott k\u00e1rok\u00e9rt vagy rong\u00e1l\u00e1sok\u00e9rt.<br\/>Ha a szob\u00e1kat a szok\u00e1sosn\u00e1l nagyobb takar\u00edt\u00e1st ig\u00e9nyl\u0151 \u00e1llapotban hagyj\u00e1k, a f\u00fcrd\u0151 jogosult 200 z\u0142 p\u00f3td\u00edjat felsz\u00e1m\u00edtani szem\u00e9lyzetenk\u00e9nt.<br\/>A f\u00fcrd\u0151k\u00e1dakat legfeljebb k\u00e9t szem\u00e9ly haszn\u00e1lhatja. A k\u00e1dakba tilos beugrani. El\u0151zetes bejelent\u00e9s alapj\u00e1n \u00e9s fel\u00e1r ellen\u00e9ben egy tov\u00e1bbi f\u00fcrd\u0151k\u00e1d \u00e1ll rendelkez\u00e9sre.  <\/p>\n\n<h2 class=\"wp-block-heading\">5 Felel\u0151ss\u00e9g \u00e9s panaszok<\/h2>\n\n<p>A Beer Spa nem v\u00e1llal felel\u0151ss\u00e9get a lez\u00e1rt szekr\u00e9nyeken k\u00edv\u00fcl hagyott t\u00e1rgyak\u00e9rt, illetve a szolg\u00e1ltat\u00e1sok b\u00e1rmilyen, f\u00fcggetlen okb\u00f3l, p\u00e9ld\u00e1ul meghib\u00e1sod\u00e1s vagy vis maior miatt bek\u00f6vetkez\u0151 megszak\u00edt\u00e1s\u00e1\u00e9rt.<br\/>A szolg\u00e1ltat\u00e1sokkal kapcsolatos panaszokat a szolg\u00e1ltat\u00e1st k\u00f6vet\u0151 7 napon bel\u00fcl szem\u00e9lyesen a Spa recepci\u00f3j\u00e1n\u00e1l vagy e-mailben a krakow@piwnespa.com c\u00edmen kell beny\u00fajtani. A panaszokat a bejelent\u00e9st\u0151l sz\u00e1m\u00edtott 14 munkanapon bel\u00fcl kezelik.<br\/>A vend\u00e9gek szem\u00e9lyes adatait kiz\u00e1r\u00f3lag a szolg\u00e1ltat\u00e1sok ny\u00fajt\u00e1sa c\u00e9lj\u00e1b\u00f3l, a RODO rendelkez\u00e9seivel \u00f6sszhangban dolgozz\u00e1k fel. <\/p>\n\n<h2 class=\"wp-block-heading\">6 Z\u00e1r\u00f3 rendelkez\u00e9sek<\/h2>\n\n<p>A Beernarium S\u00f6rf\u00fcrd\u0151 fenntartja a jogot a jelen \u00c1ltal\u00e1nos Szerz\u0151d\u00e9si Felt\u00e9telek m\u00f3dos\u00edt\u00e1s\u00e1ra.<br\/>Az \u00c1ltal\u00e1nos Szerz\u0151d\u00e9si Felt\u00e9telek aktu\u00e1lis v\u00e1ltozata el\u00e9rhet\u0151 a f\u00fcrd\u0151 recepci\u00f3j\u00e1n \u00e9s a www.krakow.piwnespa.com weboldalon.<br\/><br\/><\/p>\n","protected":false},"excerpt":{"rendered":"<p>1. \u00e1ltal\u00e1nos rendelkez\u00e9sek A jelen szab\u00e1lyzat meghat\u00e1rozza a 31-019 Krakk\u00f3, Floria\u0144ska utca 13. sz\u00e1m alatt tal\u00e1lhat\u00f3 Beernarium Piwne Spa \u00e1ltal ny\u00fajtott szolg\u00e1ltat\u00e1sok szervez\u00e9s\u00e9nek \u00e9s ig\u00e9nybev\u00e9tel\u00e9nek elveit.A jelen szab\u00e1lyzatban a k\u00f6vetkez\u0151 fogalmakat haszn\u00e1ljuk:&#8211; Spa &#8211; a krakk\u00f3i Beernarium Piwne Spa;&#8211; szem\u00e9lyzet &#8211; a Beernarium Piwne Spa alkalmaz\u00e1s\u00e1ban \u00e1ll\u00f3 szem\u00e9lyek;&#8211; vend\u00e9g &#8211; a Spa szolg\u00e1ltat\u00e1sait ig\u00e9nybe vev\u0151 [&hellip;]<\/p>\n","protected":false},"author":2,"featured_media":9127,"parent":0,"menu_order":0,"comment_status":"closed","ping_status":"closed","template":"","meta":{"_acf_changed":false,"footnotes":""},"class_list":["post-9283","page","type-page","status-publish","has-post-thumbnail","hentry"],"acf":[],"_links":{"self":[{"href":"https:\/\/krakow.piwnespa.com\/hu\/wp-json\/wp\/v2\/pages\/9283","targetHints":{"allow":["GET"]}}],"collection":[{"href":"https:\/\/krakow.piwnespa.com\/hu\/wp-json\/wp\/v2\/pages"}],"about":[{"href":"https:\/\/krakow.piwnespa.com\/hu\/wp-json\/wp\/v2\/types\/page"}],"author":[{"embeddable":true,"href":"https:\/\/krakow.piwnespa.com\/hu\/wp-json\/wp\/v2\/users\/2"}],"replies":[{"embeddable":true,"href":"https:\/\/krakow.piwnespa.com\/hu\/wp-json\/wp\/v2\/comments?post=9283"}],"version-history":[{"count":3,"href":"https:\/\/krakow.piwnespa.com\/hu\/wp-json\/wp\/v2\/pages\/9283\/revisions"}],"predecessor-version":[{"id":16174,"href":"https:\/\/krakow.piwnespa.com\/hu\/wp-json\/wp\/v2\/pages\/9283\/revisions\/16174"}],"wp:featuredmedia":[{"embeddable":true,"href":"https:\/\/krakow.piwnespa.com\/hu\/wp-json\/wp\/v2\/media\/9127"}],"wp:attachment":[{"href":"https:\/\/krakow.piwnespa.com\/hu\/wp-json\/wp\/v2\/media?parent=9283"}],"curies":[{"name":"wp","href":"https:\/\/api.w.org\/{rel}","templated":true}]}}